{"id":5,"date":"2010-11-30T15:55:47","date_gmt":"2010-11-30T14:55:47","guid":{"rendered":"http:\/\/val-baby.com\/?page_id=5"},"modified":"2025-10-06T20:07:19","modified_gmt":"2025-10-06T19:07:19","slug":"nos-produits","status":"publish","type":"page","link":"https:\/\/val-baby.com\/?page_id=5","title":{"rendered":"Nos produits"},"content":{"rendered":"<table width=\"100%\">\n<tbody>\n<tr>\n<td width=\"20%\"><a href=\"https:\/\/val-baby.com\/wp-content\/uploads\/2012\/10\/pack-image.jpg\"><img loading=\"lazy\" decoding=\"async\" class=\"alignnone wp-image-373\" title=\"Val Baby, location de mat\u00e9riel de pu\u00e9riculture \u00e0 Val d'Is\u00e8re\" src=\"https:\/\/val-baby.com\/wp-content\/uploads\/2012\/10\/pack-image-150x150.jpg\" alt=\"Val Baby, location de mat\u00e9riel de pu\u00e9riculture \u00e0 Val d'Is\u00e8re\" width=\"90\" height=\"90\" srcset=\"https:\/\/val-baby.com\/wp-content\/uploads\/2012\/10\/pack-image-150x150.jpg 150w, https:\/\/val-baby.com\/wp-content\/uploads\/2012\/10\/pack-image-300x300.jpg 300w, https:\/\/val-baby.com\/wp-content\/uploads\/2012\/10\/pack-image.jpg 510w\" sizes=\"auto, (max-width: 90px) 100vw, 90px\" \/><\/a><\/td>\n<td style=\"text-align: left;\" width=\"60%\"><strong>Pack Libert\u00e9 : Poussette + Lit + Chaise haute<\/strong><br \/>\nNotre pack sp\u00e9cialement pens\u00e9 pour passer une semaine sans pr\u00e9occupation, notre pack libert\u00e9 comprend une poussette + un lit parapluie + chaise haute \/ r\u00e9hausseur<br \/>\n<strong>Prix : 160 \u20ac par semaine<\/strong><\/td>\n<td width=\"20%\"><a href=\"..\/?page_id=140\"><img loading=\"lazy\" decoding=\"async\" title=\"bouton-reserv\" src=\"..\/wp-content\/uploads\/2010\/12\/bouton-reserv.gif\" alt=\"\" width=\"134\" height=\"46\"><\/a><\/td>\n<\/tr>\n<tr>\n<td><a href=\"https:\/\/val-baby.com\/wp-content\/uploads\/2012\/11\/ValBaby-location-poussette.jpg\"><img loading=\"lazy\" decoding=\"async\" class=\"alignnone size-thumbnail wp-image-426\" title=\"Val Baby, location de poussette sur Val d'Is\u00e8re\" src=\"https:\/\/val-baby.com\/wp-content\/uploads\/2012\/11\/ValBaby-location-poussette.jpg\" alt=\"Val Baby, location de poussette sur Val d'Is\u00e8re\" width=\"150\" height=\"150\"><\/a><\/td>\n<td style=\"text-align: left;\"><strong>Poussette 3 roues RED CASTLE<\/strong><br \/>\nLa poussette tout-terrain par excellence, la Shop\u2019n Jogg&#x2122; Disc II vous suivra partout : montagne, plage, campagne&#8230; mais aussi en ville.<br \/>\nDestin\u00e9e sp\u00e9cialement aux familles sportives, elle poss\u00e8de les \u00e9quipements n\u00e9cessaires \u00e0 toutes les balades, m\u00eame en terrain accident\u00e9. Avec son ch\u00e2ssis et ses jantes en aluminium, ses rayons et moyeux en acier inoxydable, elle est con\u00e7ue dans des mat\u00e9riaux l\u00e9gers et r\u00e9sistants.<br \/>\nS\u00e9curisante, elle est \u00e9quip\u00e9e d&rsquo;une lani\u00e8re qui s&rsquo;attache au poignet et d&rsquo;un frein au guidon (reli\u00e9 au frein ralentisseur \u00e0 disque de la roue avant) pour la retenir dans les descentes. Le confort de l\u2019enfant n\u2019est pas pour autant oubli\u00e9 : le large repose pieds ajustable en hauteur (3 positions) offre une v\u00e9ritable aire de confort pour les jambes de b\u00e9b\u00e9 tout en s&rsquo;adaptant \u00e0 sa croissance. Par ailleurs son dossier inclinable en 3 positions et son coussin r\u00e9versible \u00e9t\u00e9\/hiver lui permettent d\u2019\u00eatre parfaitement install\u00e9 pour suivre ses parents dans toutes leurs activit\u00e9s. Le prot\u00e8ge pluie peut \u00e9galement servir de \u00ab prot\u00e8ge vent \u00bb car en ouvrant la grande fen\u00eatre sur l\u2019avant les c\u00f4t\u00e9s rigides restent en place pour prot\u00e9ger l\u2019enfant des vents lat\u00e9raux.<br \/>\n<strong>Prix : 20 \u20ac par jour &#8211; 100 \u20ac par semaine<\/strong><\/td>\n<td><a href=\"..\/?page_id=142\"><img loading=\"lazy\" decoding=\"async\" title=\"bouton-reserv\" src=\"..\/wp-content\/uploads\/2010\/12\/bouton-reserv.gif\" alt=\"\" width=\"134\" height=\"46\"><\/a><\/td>\n<\/tr>\n<tr>\n<td><a href=\"https:\/\/val-baby.com\/wp-content\/uploads\/2018\/10\/poussette-double.jpg\"><img loading=\"lazy\" decoding=\"async\" class=\"alignleft size-thumbnail wp-image-21\" title=\"poussette-double\" src=\"https:\/\/val-baby.com\/wp-content\/uploads\/2018\/10\/poussette-double.jpg\" alt=\"\" width=\"150\" height=\"150\"><\/a><\/td>\n<td style=\"text-align: left;\"><strong>Poussette Double<\/strong><br \/>\nConfort et l\u00e9g\u00e8ret\u00e9 pour deux sur tous les terrains et toutes les surfaces.<br \/>\nPowertwin Pro est une poussette biplace con\u00e7ue pour apprendre et profiter de la nature. Gr\u00e2ce \u00e0 ses roues pivotantes et \u00e0 son frein, ce v\u00e9hicule tout-terrain original offre une excellente s\u00e9curit\u00e9 y compris \u00e0 la campagne. Elle est l\u00e9g\u00e8re, compacte et poss\u00e8de le meilleur syst\u00e8me de conduite et de direction de sa cat\u00e9gorie.<br \/>\n<strong>Prix : 25 \u20ac par jour &#8211; 150 \u20ac par semaine<\/strong><\/td>\n<td><a href=\"..\/?page_id=80\"><img loading=\"lazy\" decoding=\"async\" title=\"bouton-reserv\" src=\"..\/wp-content\/uploads\/2010\/12\/bouton-reserv.gif\" alt=\"\" width=\"134\" height=\"46\"><\/a><\/td>\n<\/tr>\n<tr>\n<td><a href=\"https:\/\/val-baby.com\/wp-content\/uploads\/2024\/09\/pousette-double-ou-simple-hauck.jpg\"><img loading=\"lazy\" decoding=\"async\" class=\"alignleft size-thumbnail wp-image-21\" title=\"poussette-double-ou-simple-hauck\" src=\"https:\/\/val-baby.com\/wp-content\/uploads\/2024\/09\/pousette-double-ou-simple-hauck.jpg\" alt=\"\" width=\"150\" height=\"150\"><\/a><\/td>\n<td style=\"text-align: left;\"><strong>Poussette Double Ou Simple Hauck Freerider<\/strong><br \/>\nPoussette double ou simple<br \/>\n2 enfants jusqu\u2019\u00e0 36kg ou 1 seul<br \/>\nAssises face route uniquement<br \/>\nDossier du si\u00e8ge principale inclinable et repose-pieds ajustable<br \/>\nDossier du si\u00e8ge secondaire avec position repos<br \/>\nDeuxi\u00e8me si\u00e8ge amovible pour transformer la poussette en poussette simple<br \/>\nGuidon r\u00e9glable en hauteur, selon votre taille<br \/>\nBarre de s\u00e9curit\u00e9 amovible<br \/>\nHarnais 5 points de s\u00e9curit\u00e9<br \/>\nFrein p\u00e9dale<br \/>\nPliage facile<br \/>\n<strong>Prix : 22 \u20ac par jour &#8211; 130 \u20ac par semaine<\/strong><\/td>\n<td><a href=\"..\/?page_id=2550\"><img loading=\"lazy\" decoding=\"async\" title=\"bouton-reserv\" src=\"..\/wp-content\/uploads\/2010\/12\/bouton-reserv.gif\" alt=\"\" width=\"134\" height=\"46\"><\/a><\/td>\n<\/tr>\n<tr>\n<td><a href=\"https:\/\/val-baby.com\/wp-content\/uploads\/2010\/12\/poussette-luge.jpg\"><img loading=\"lazy\" decoding=\"async\" class=\"alignleft size-thumbnail wp-image-106\" title=\"poussette-luge\" src=\"https:\/\/val-baby.com\/wp-content\/uploads\/2010\/12\/poussette-luge-150x150.jpg\" alt=\"\" width=\"150\" height=\"150\" srcset=\"https:\/\/val-baby.com\/wp-content\/uploads\/2010\/12\/poussette-luge-150x150.jpg 150w, https:\/\/val-baby.com\/wp-content\/uploads\/2010\/12\/poussette-luge-300x300.jpg 300w, https:\/\/val-baby.com\/wp-content\/uploads\/2010\/12\/poussette-luge.jpg 500w\" sizes=\"auto, (max-width: 150px) 100vw, 150px\" \/><\/a><\/td>\n<td style=\"text-align: left;\"><strong>Luge poussette<\/strong><br \/>\nLa poussette luge convient aux enfants de 6 mois \u00e0 3 ans. Elle s&rsquo;adresse aux parents qui vivent \u00e0 la montagne ou qui partent aux sports d&rsquo;hiver. Tout comme une poussette<br \/>\ntraditionnelle, elle permet de promener les plus petits sans se fatiguer. Au del\u00e0 de 3 ans, les enfants peuvent s&rsquo;orienter vers une <a href=\"https:\/\/val-baby.com\/?page_id=586\">luge b\u00e9b\u00e9<\/a>.<strong>\u00ab s\u2019utilise uniquement sur la neige \u00bb <br \/>Prix : 10 \u20ac par jour &#8211; 60 \u20ac par semaine<\/strong><\/td>\n<td><a href=\"..\/?page_id=156\"><img loading=\"lazy\" decoding=\"async\" title=\"bouton-reserv\" src=\"..\/wp-content\/uploads\/2010\/12\/bouton-reserv.gif\" alt=\"\" width=\"134\" height=\"46\"><\/a><\/td>\n<\/tr>\n<tr>\n<td><a href=\"https:\/\/val-baby.com\/wp-content\/uploads\/2010\/11\/ValBaby-location-CombiZip-bebe.jpg\"><img loading=\"lazy\" decoding=\"async\" class=\"alignnone size-thumbnail wp-image-391\" title=\"Val Baby, location de combi zip pour b\u00e9b\u00e9 \u00e0 Val d'Is\u00e8re\" src=\"https:\/\/val-baby.com\/wp-content\/uploads\/2010\/11\/ValBaby-location-CombiZip-bebe-150x150.jpg\" alt=\"Val Baby, location de combi zip pour b\u00e9b\u00e9 \u00e0 Val d'Is\u00e8re\" width=\"150\" height=\"150\" srcset=\"https:\/\/val-baby.com\/wp-content\/uploads\/2010\/11\/ValBaby-location-CombiZip-bebe-150x150.jpg 150w, https:\/\/val-baby.com\/wp-content\/uploads\/2010\/11\/ValBaby-location-CombiZip-bebe-300x300.jpg 300w, https:\/\/val-baby.com\/wp-content\/uploads\/2010\/11\/ValBaby-location-CombiZip-bebe.jpg 720w\" sizes=\"auto, (max-width: 150px) 100vw, 150px\" \/><\/a><\/td>\n<td style=\"text-align: left;\"><strong>Combi Zip RED CASTLE<\/strong><br \/>\nDouillettement ouatin\u00e9, doubl\u00e9 de tissu polaire, le Combizip&#x2122; est un nid d\u2019ange transformable ultra-pratique pour prot\u00e9ger votre enfant des frimas.<br \/>\nIl permet d&rsquo;envelopper instantan\u00e9ment b\u00e9b\u00e9 sans le d\u00e9ranger, le garde bien au chaud et lui apporte un confort maximal . Modulable par simple jeu de fermetures \u00e0 glissi\u00e8res et de boutons pression, il passe de la fonction \u00ab nid d&rsquo;ange \u00bb pour une utilisation en nacelle, \u00e0 celle de \u00ab\u00a0nid \u00e0 jambes\u00a0\u00bb pour les si\u00e8ges-auto, porte b\u00e9b\u00e9s, si\u00e8ges \u00e0 v\u00e9lo et poussettes.<br \/>\n<strong>Prix : 4 \u20ac par jour &#8211; 15 \u20ac par semaine<\/strong><\/td>\n<td><a href=\"..\/?page_id=442\"><img loading=\"lazy\" decoding=\"async\" title=\"bouton-reserv\" src=\"..\/wp-content\/uploads\/2010\/12\/bouton-reserv.gif\" alt=\"\" width=\"134\" height=\"46\"><\/a><\/td>\n<\/tr>\n<tr>\n<td><a href=\"https:\/\/val-baby.com\/wp-content\/uploads\/2010\/11\/p.lit-parapluie-bebe.7126.jpg\"><img loading=\"lazy\" decoding=\"async\" class=\"alignnone size-thumbnail wp-image-391\" title=\"Lit Parapluie\" src=\"https:\/\/val-baby.com\/wp-content\/uploads\/2010\/11\/p.lit-parapluie-bebe.7126.jpg\" alt=\"Lit parapluie\" width=\"150\" height=\"150\"><\/a><\/td>\n<td style=\"text-align: left;\"><strong>Lit Parapluie<\/strong><br \/>\nIl s&rsquo;adresse aux enfants \u00e2g\u00e9s de 0 \u00e0 3 ans et offre la m\u00eame protection que le lit \u00e0 barreaux, l\u2019enfant ne pouvant en sortir seul.<br \/>\nLe lit est fourni avec un matelas et un drap housse.<br \/>\n<strong>Prix : 8 \u20ac par jour &#8211; 48 \u20ac par semaine<br \/>NOUVEAU location couette \/ housse de couette 3 euros \/ jour<\/strong><\/td>\n<td><a href=\"..\/?page_id=144\"><img loading=\"lazy\" decoding=\"async\" title=\"bouton-reserv\" src=\"..\/wp-content\/uploads\/2010\/12\/bouton-reserv.gif\" alt=\"\" width=\"134\" height=\"46\"><\/a><\/td>\n<\/tr>\n<tr>\n<td><a href=\"https:\/\/val-baby.com\/wp-content\/uploads\/2025\/10\/chaise-haute-rehausseur-siege-de-table-2.jpg\"><img loading=\"lazy\" decoding=\"async\" class=\"alignnone size-thumbnail wp-image-394\" title=\"Val Baby, location de chaise haute et de r\u00e9hausseur pour b\u00e9b\u00e9 \u00e0 Val d'Is\u00e8re\" src=\"https:\/\/val-baby.com\/wp-content\/uploads\/2025\/10\/chaise-haute-rehausseur-siege-de-table-2.jpg\" alt=\"Val Baby, location de chaise haute et de r\u00e9hausseur pour b\u00e9b\u00e9 \u00e0 Val d'Is\u00e8re\" width=\"150\" height=\"150\"><\/a><\/td>\n<td style=\"text-align: left;\"><strong>Chaise haute ou R\u00e9hausseur<\/strong><br \/>\nVers 7 mois, votre enfant commence \u00e0 se tenir assis. C&rsquo;est le moment de l&rsquo;installer dans une chaise haute ou sur un rehausseur pour les plus grands. C&rsquo;est l&rsquo;endroit id\u00e9al pour d\u00e9couvrir le monde \u00e0 bonne hauteur. Vous pourrez ainsi le faire patienter ou lui donner \u00e0 manger sans vous plier. Au d\u00e9but, veillez \u00e0 ce que votre petit n&rsquo;y reste pas trop longtemps. Et dans tous les cas, ne le laissez jamais sans surveillance.<br \/>\n<strong>Prix : 7 \u20ac par jour &#8211; 40 \u20ac par semaine<\/strong><br \/>\n<strong>Prix : 5 \u20ac par jour &#8211; 30 \u20ac par semaine<\/strong><\/td>\n<td><a href=\"..\/?page_id=146\"><img loading=\"lazy\" decoding=\"async\" title=\"bouton-reserv\" src=\"..\/wp-content\/uploads\/2010\/12\/bouton-reserv.gif\" alt=\"\" width=\"134\" height=\"46\"><\/a><\/td>\n<\/tr>\n<tr>\n<td><a href=\"https:\/\/val-baby.com\/wp-content\/uploads\/2012\/10\/ValBaby-location-transat-bebe.jpg\"><img loading=\"lazy\" decoding=\"async\" class=\"alignnone size-thumbnail wp-image-380\" title=\"Val Baby, location de transat pour b\u00e9b\u00e9 \u00e0 Val d'Is\u00e8re\" src=\"https:\/\/val-baby.com\/wp-content\/uploads\/2012\/10\/ValBaby-location-transat-bebe-150x150.jpg\" alt=\"Val Baby, location de transat pour b\u00e9b\u00e9 \u00e0 Val d'Is\u00e8re\" width=\"150\" height=\"150\" srcset=\"https:\/\/val-baby.com\/wp-content\/uploads\/2012\/10\/ValBaby-location-transat-bebe-150x150.jpg 150w, https:\/\/val-baby.com\/wp-content\/uploads\/2012\/10\/ValBaby-location-transat-bebe-300x300.jpg 300w, https:\/\/val-baby.com\/wp-content\/uploads\/2012\/10\/ValBaby-location-transat-bebe.jpg 720w\" sizes=\"auto, (max-width: 150px) 100vw, 150px\" \/><\/a><\/td>\n<td style=\"text-align: left;\"><strong>Transat RED CASTLE<\/strong><br \/>\nEn tissu Fleur de Coton<sup>\u00ae<\/sup> et muni d&rsquo;un r\u00e9ducteur-cale-t\u00eate en \u00e9ponge tr\u00e8s doux, ce transat est moelleux et confortable. Son dossier et son repose pieds sont tous deux r\u00e9glables en plusieurs positions, permettant \u00e0 b\u00e9b\u00e9 de pouvoir \u00eatre \u00e0 son aise \u00e0 tout moment de la journ\u00e9e.<br \/>\n<strong>Prix : 7 \u20ac par jour &#8211; 40 \u20ac par semaine<\/strong><\/td>\n<td><a href=\"..\/?page_id=457\"><img loading=\"lazy\" decoding=\"async\" title=\"bouton-reserv\" src=\"..\/wp-content\/uploads\/2010\/12\/bouton-reserv.gif\" alt=\"\" width=\"134\" height=\"46\"><\/a><\/td>\n<\/tr>\n<tr>\n<td><a href=\"https:\/\/val-baby.com\/wp-content\/uploads\/2018\/10\/Baignoire.jpg\"><img loading=\"lazy\" decoding=\"async\" class=\"alignleft size-thumbnail wp-image-263\" title=\"baignoire evolution\" src=\"https:\/\/val-baby.com\/wp-content\/uploads\/2018\/10\/Baignoire.jpg\" alt=\"\" width=\"150\" height=\"150\"><\/a><\/td>\n<td style=\"text-align: left;\"><strong>Baignoire Evolution<\/strong><br \/>\nSi\u00e8ge double position 0\/6 mois et 6 mois\/1 an<br \/>\nLe si\u00e8ge est \u00e9quip\u00e9 de trois points d\u2019appui : deux sous les aisselles et un entre les jambes<br \/>\nBouchon con\u00e7u pour une vidange rapide et efficace<br \/>\n<strong>Prix : 5 \u20ac par jour &#8211; 30 \u20ac par semaine<\/strong><\/td>\n<td><a href=\"..\/?page_id=163\"><img loading=\"lazy\" decoding=\"async\" title=\"bouton-reserv\" src=\"..\/wp-content\/uploads\/2010\/12\/bouton-reserv.gif\" alt=\"\" width=\"134\" height=\"46\"><\/a><\/td>\n<\/tr>\n<tr>\n<td><a href=\"https:\/\/val-baby.com\/wp-content\/uploads\/2018\/10\/anneau-de-bain.jpg\"><img loading=\"lazy\" decoding=\"async\" class=\"alignleft size-thumbnail wp-image-204\" title=\"anneau de bain\" src=\"https:\/\/val-baby.com\/wp-content\/uploads\/2018\/10\/anneau-de-bain.jpg\" alt=\"\" width=\"150\" height=\"150\"><\/a><\/td>\n<td style=\"text-align: left;\"><strong>Anneau de bain<\/strong><br \/>\nSa forme arrondie maintient b\u00e9b\u00e9 tout en le laissant libre de ses mouvements.<br \/>\nSe fixe facilement gr\u00e2ce \u00e0 ses quatre ventouses.<br \/>\n&#8211; \u00c2ge: de 7 \u00e0 16 mois (8-13kg).<br \/>\n<strong>Prix : 2 \u20ac par jour &#8211; 12 \u20ac par semaine<\/strong><\/td>\n<td><a href=\"..\/?page_id=590\"><img loading=\"lazy\" decoding=\"async\" title=\"bouton-reserv\" src=\"..\/wp-content\/uploads\/2010\/12\/bouton-reserv.gif\" alt=\"\" width=\"134\" height=\"46\"><\/a><\/td>\n<\/tr>\n<tr>\n<td><a href=\"https:\/\/val-baby.com\/wp-content\/uploads\/2010\/11\/porte-bebe-1.jpg\"><img loading=\"lazy\" decoding=\"async\" class=\"alignleft size-thumbnail wp-image-317\" title=\"porte-bebe-1\" src=\"https:\/\/val-baby.com\/wp-content\/uploads\/2010\/11\/porte-bebe-1-150x150.jpg\" alt=\"\" width=\"150\" height=\"150\" srcset=\"https:\/\/val-baby.com\/wp-content\/uploads\/2010\/11\/porte-bebe-1-150x150.jpg 150w, https:\/\/val-baby.com\/wp-content\/uploads\/2010\/11\/porte-bebe-1.jpg 244w\" sizes=\"auto, (max-width: 150px) 100vw, 150px\" \/><\/a><\/td>\n<td style=\"text-align: left;\"><strong>Porte b\u00e9b\u00e9 ventral ou dorsal<\/strong><br \/>\nLe porte-b\u00e9b\u00e9 pr\u00e9sente une grande facilit\u00e9 et un grand confort d&rsquo;utilisation. Gr\u00e2ce \u00e0 son entrejambe extra-large et la poche pr\u00e9-form\u00e9e pour les fesses de b\u00e9b\u00e9, il garantit une position physiologique des jambes de b\u00e9b\u00e9 en grenouille.<br \/>\n<strong>Prix : 10 \u20ac par jour &#8211; 60 \u20ac par semaine<\/strong><\/td>\n<td><a href=\"..\/?page_id=152\"><img loading=\"lazy\" decoding=\"async\" title=\"bouton-reserv\" src=\"..\/wp-content\/uploads\/2010\/12\/bouton-reserv.gif\" alt=\"\" width=\"134\" height=\"46\"><\/a><\/td>\n<\/tr>\n<tr>\n<td><a href=\"https:\/\/val-baby.com\/wp-content\/uploads\/2018\/10\/luge-simple.jpg\"><img loading=\"lazy\" decoding=\"async\" class=\"alignleft size-thumbnail wp-image-204\" title=\"luge simple\" src=\"https:\/\/val-baby.com\/wp-content\/uploads\/2018\/10\/luge-simple.jpg\" alt=\"\" width=\"150\" height=\"150\"><\/a><\/td>\n<td style=\"text-align: left;\"><strong>Luge B\u00e9b\u00e9<\/strong><br \/>\nPour promener les enfants de -3 ans. Ce tra\u00eeneau est tr\u00e8s stable avec des harnais de s\u00e9curit\u00e9 et une sangle pour le tirer.<br \/>\n<strong>Prix : 5 \u20ac par jour &#8211; 25 \u20ac par semaine<\/strong><\/td>\n<td><a href=\"..\/?page_id=586\"><img loading=\"lazy\" decoding=\"async\" title=\"bouton-reserv\" src=\"..\/wp-content\/uploads\/2010\/12\/bouton-reserv.gif\" alt=\"\" width=\"134\" height=\"46\"><\/a><\/td>\n<\/tr>\n<tr>\n<td><a href=\"https:\/\/val-baby.com\/wp-content\/uploads\/2010\/11\/baby-phone.png\"><img loading=\"lazy\" decoding=\"async\" class=\"size-thumbnail wp-image-24 alignleft\" title=\"baby-phone\" src=\"https:\/\/val-baby.com\/wp-content\/uploads\/2010\/11\/baby-phone-150x150.png\" alt=\"\" width=\"150\" height=\"150\"><\/a><\/td>\n<td style=\"text-align: left;\"><strong>Baby Phone<\/strong><br \/>\nUn moniteur pour b\u00e9b\u00e9, aussi connu comme une alarme b\u00e9b\u00e9, est une radio syst\u00e8me utilis\u00e9 pour \u00e9couter \u00e0 distance les sons \u00e9mis par un nourrisson.<br \/>\nL&rsquo;\u00e9metteur, \u00e9quip\u00e9 d&rsquo;un microphone , est plac\u00e9 pr\u00e8s de l&rsquo;enfant et le r\u00e9cepteur \u00e9quip\u00e9 d&rsquo;un haut-parleur, est port\u00e9 par, ou \u00e0 proximit\u00e9, la personne qui s&rsquo;occupe de l&rsquo;enfant.<br \/>\n<strong>Prix : 5 \u20ac par jour &#8211; 30 \u20ac par semaine<\/strong><\/td>\n<td><a href=\"..\/?page_id=158\"><img loading=\"lazy\" decoding=\"async\" title=\"bouton-reserv\" src=\"..\/wp-content\/uploads\/2010\/12\/bouton-reserv.gif\" alt=\"\" width=\"134\" height=\"46\"><\/a><\/td>\n<\/tr>\n<tr>\n<td><a href=\"https:\/\/val-baby.com\/wp-content\/uploads\/2022\/07\/parc-bebe-en-plastique-14-elements-avec-panneaux-d1.jpg\"><img loading=\"lazy\" decoding=\"async\" class=\"alignleft size-thumbnail wp-image-203\" title=\"parcbebe1\" src=\"https:\/\/val-baby.com\/wp-content\/uploads\/2022\/07\/parc-bebe-en-plastique-14-elements-avec-panneaux-d1.jpg\" alt=\"\" width=\"150\" height=\"150\"><\/a><\/td>\n<td style=\"text-align: left;\"><strong>Parc<\/strong><br \/>\nLe parc pour b\u00e9b\u00e9 sera utile pour votre enfant de 4 mois environ \u00e0 18 mois. Le parc pour b\u00e9b\u00e9 permettra \u00e0 votre enfant dans un premier temps de lui d\u00e9limiter un endroit s\u00fbr, prot\u00e9g\u00e9 de tout danger ext\u00e9rieur puis, d&rsquo;avoir un espace de jeux bien \u00e0 lui.<br \/>\n<strong>Prix : 8 \u20ac par jour &#8211; 48 \u20ac par semaine<\/strong><\/td>\n<td><a href=\"..\/?page_id=189\"><img loading=\"lazy\" decoding=\"async\" title=\"bouton-reserv\" src=\"..\/wp-content\/uploads\/2010\/12\/bouton-reserv.gif\" alt=\"\" width=\"134\" height=\"46\"><\/a><\/td>\n<\/tr>\n<tr>\n<td><a href=\"https:\/\/val-baby.com\/wp-content\/uploads\/2010\/11\/beaba_babycook_verde.jpg\"><img loading=\"lazy\" decoding=\"async\" class=\"alignleft size-thumbnail wp-image-200\" title=\"beaba_babycook_verde\" src=\"https:\/\/val-baby.com\/wp-content\/uploads\/2010\/11\/beaba_babycook_verde-150x150.jpg\" alt=\"\" width=\"150\" height=\"150\"><\/a><\/td>\n<td style=\"text-align: left;\"><strong>Baby Cook<\/strong><br \/>\nLe Babycook est un robot cuiseur-mixeur vapeur.<br \/>\nIl convient pour l&rsquo;alimentation des b\u00e9b\u00e9s de 6 \u00e0 24 mois.<br \/>\nIl poss\u00e8de 4 fonctions : cuit \u00e0 la vapeur, mixe, d\u00e9cong\u00e8le, r\u00e9chauffe.<br \/>\nBabycook se nettoie facilement et les vitamines des aliments sont pr\u00e9serv\u00e9es.<br \/>\n<strong>Prix : 5 \u20ac par jour &#8211; 25<\/strong><strong>\u20ac par semaine<\/strong><\/td>\n<td><a href=\"..\/?page_id=227\"><img loading=\"lazy\" decoding=\"async\" title=\"bouton-reserv\" src=\"..\/wp-content\/uploads\/2010\/12\/bouton-reserv.gif\" alt=\"\" width=\"134\" height=\"46\"><\/a><\/td>\n<\/tr>\n<\/tbody>\n<\/table>\n","protected":false},"excerpt":{"rendered":"<p>Pack Libert\u00e9 : Poussette + Lit + Chaise haute Notre pack sp\u00e9cialement pens\u00e9 pour passer une semaine sans pr\u00e9occupation, notre pack libert\u00e9 comprend une poussette + un lit parapluie + chaise haute \/ r\u00e9hausseur Prix : 160 \u20ac par semaine Poussette 3 roues RED CASTLE La poussette tout-terrain par excellence, la Shop\u2019n Jogg&#x2122; Disc II [&hellip;]<\/p>\n","protected":false},"author":2,"featured_media":0,"parent":0,"menu_order":1,"comment_status":"closed","ping_status":"closed","template":"template-full.php","meta":{"footnotes":""},"class_list":["post-5","page","type-page","status-publish","hentry"],"_links":{"self":[{"href":"https:\/\/val-baby.com\/index.php?rest_route=\/wp\/v2\/pages\/5","targetHints":{"allow":["GET"]}}],"collection":[{"href":"https:\/\/val-baby.com\/index.php?rest_route=\/wp\/v2\/pages"}],"about":[{"href":"https:\/\/val-baby.com\/index.php?rest_route=\/wp\/v2\/types\/page"}],"author":[{"embeddable":true,"href":"https:\/\/val-baby.com\/index.php?rest_route=\/wp\/v2\/users\/2"}],"replies":[{"embeddable":true,"href":"https:\/\/val-baby.com\/index.php?rest_route=%2Fwp%2Fv2%2Fcomments&post=5"}],"version-history":[{"count":61,"href":"https:\/\/val-baby.com\/index.php?rest_route=\/wp\/v2\/pages\/5\/revisions"}],"predecessor-version":[{"id":2597,"href":"https:\/\/val-baby.com\/index.php?rest_route=\/wp\/v2\/pages\/5\/revisions\/2597"}],"wp:attachment":[{"href":"https:\/\/val-baby.com\/index.php?rest_route=%2Fwp%2Fv2%2Fmedia&parent=5"}],"curies":[{"name":"wp","href":"https:\/\/api.w.org\/{rel}","templated":true}]}}